{"id":237,"date":"2025-02-04T10:50:42","date_gmt":"2025-02-04T10:50:42","guid":{"rendered":"https:\/\/dev.cdelacontrol.ro\/?page_id=237"},"modified":"2025-10-07T13:23:20","modified_gmt":"2025-10-07T13:23:20","slug":"curaj-cancer-de-san","status":"publish","type":"page","link":"https:\/\/cdelacontrol.ro\/index.php\/curaj-cancer-de-san\/","title":{"rendered":"Curaj cancer de s\u00e2n"},"content":{"rendered":"\t\t<div data-elementor-type=\"wp-page\" data-elementor-id=\"237\" class=\"elementor elementor-237\">\n\t\t\t\t<div class=\"elementor-element elementor-element-ac4c907 e-flex e-con-boxed e-con e-parent\" data-id=\"ac4c907\" data-element_type=\"container\" data-settings=\"{&quot;background_background&quot;:&quot;classic&quot;}\">\n\t\t\t\t\t<div class=\"e-con-inner\">\n\t\t\t\t<div class=\"elementor-element elementor-element-1e310f5 elementor-widget elementor-widget-text-editor\" data-id=\"1e310f5\" data-element_type=\"widget\" data-widget_type=\"text-editor.default\">\n\t\t\t\t<div class=\"elementor-widget-container\">\n\t\t\t\t\t\t\t\t\t<div class=\"page-title pink-txt\" style=\"color: #F6AAC1; font-size: 21px; line-height: 21px; font-weight: bold; margin-bottom: 25px; text-transform: uppercase; font-family: Verdana, Geneva, sans-serif;\">CANCERUL de s\u00e2n<\/div>\n<span style=\"color: #ffffff; font-family: Verdana, Geneva, sans-serif;\">Diagnosticul primit nu trebuie s\u0103 te sperie. Al\u0103turi de tine sunt pacien\u0163i care au luptat cu succes \u00eempotriva bolii \u015fi \u00eemp\u0103rt\u0103\u015fesc cu tine povestea lor. Vezi mai jos cum au reu\u015fit s\u0103 dep\u0103\u015feasc\u0103 aceast\u0103 perioad\u0103.<\/span>\t\t\t\t\t\t\t\t<\/div>\n\t\t\t\t<\/div>\n\t\t<div class=\"elementor-element elementor-element-2b7bacc e-grid e-con-full e-con e-child\" data-id=\"2b7bacc\" data-element_type=\"container\">\n\t\t\t\t<div class=\"elementor-element elementor-element-4ef129a elementor-widget__width-initial elementor-widget elementor-widget-video\" data-id=\"4ef129a\" data-element_type=\"widget\" data-settings=\"{&quot;video_type&quot;:&quot;hosted&quot;,&quot;controls&quot;:&quot;yes&quot;}\" data-widget_type=\"video.default\">\n\t\t\t\t<div class=\"elementor-widget-container\">\n\t\t\t\t\t\t\t<div class=\"e-hosted-video elementor-wrapper elementor-open-inline\">\n\t\t\t\t\t<video class=\"elementor-video\" src=\"http:\/\/cdelacontrol.ro\/app\/uploads\/2025\/04\/cancerSan_ALEXANDRALOSONTI.mp4\" controls=\"\" preload=\"metadata\" controlsList=\"nodownload\"><\/video>\n\t\t\t\t<\/div>\n\t\t\t\t\t\t<\/div>\n\t\t\t\t<\/div>\n\t\t\t\t<div class=\"elementor-element elementor-element-c66a2ad elementor-widget elementor-widget-text-editor\" data-id=\"c66a2ad\" data-element_type=\"widget\" data-widget_type=\"text-editor.default\">\n\t\t\t\t<div class=\"elementor-widget-container\">\n\t\t\t\t\t\t\t\t\t<p><br><\/p>\n<p><span style=\"color: #ffffff; font-family: Verdana, Geneva, sans-serif;\">Alexandra Lo\u0219on\u021bi a aflat la scurt timp dup\u0103 na\u0219tere c\u0103 are cancer la s\u00e2n. Ne-a povestit cu lacrimi \u00een ochi care a fost experien\u021ba ei cu cancerul \u0219i cum a reu\u0219it s\u0103 \u00eel \u00eenving\u0103.<\/span><\/p>\n<div class=\"text-lg-right mt-4\" style=\"color: #ffffff; font-family: Verdana, Geneva, sans-serif; margin-top: 1.5rem !important; text-align: right !important;\">Alexandra Lo\u0219on\u021bi, supravie\u0163uitoare cancer de s\u00e2n<\/div>\t\t\t\t\t\t\t\t<\/div>\n\t\t\t\t<\/div>\n\t\t\t\t<div class=\"elementor-element elementor-element-cc933f8 elementor-widget elementor-widget-text-editor\" data-id=\"cc933f8\" data-element_type=\"widget\" data-widget_type=\"text-editor.default\">\n\t\t\t\t<div class=\"elementor-widget-container\">\n\t\t\t\t\t\t\t\t\t<p>\u00a0<\/p><p><span style=\"color: #ffffff; font-family: Verdana, Geneva, sans-serif;\">Carmen Toie a descoperit singur\u0103 o anomalie \u00een zona s\u00e2nului \u0219i a apelat imediat la speciali\u0219ti. A reu\u0219it s\u0103 treac\u0103 prin aceast\u0103 perioad\u0103 av\u00e2nd \u00eencredere \u00een medici.<\/span><\/p><div style=\"color: #ffffff; font-family: Verdana, Geneva, sans-serif; margin-top: 1.5rem !important; text-align: right !important;\">Carmen Toie, supravie\u0163uitoare cancer de s\u00e2n<\/div>\t\t\t\t\t\t\t\t<\/div>\n\t\t\t\t<\/div>\n\t\t\t\t<div class=\"elementor-element elementor-element-9f59636 elementor-widget__width-initial elementor-widget elementor-widget-video\" data-id=\"9f59636\" data-element_type=\"widget\" data-settings=\"{&quot;video_type&quot;:&quot;hosted&quot;,&quot;controls&quot;:&quot;yes&quot;}\" data-widget_type=\"video.default\">\n\t\t\t\t<div class=\"elementor-widget-container\">\n\t\t\t\t\t\t\t<div class=\"e-hosted-video elementor-wrapper elementor-open-inline\">\n\t\t\t\t\t<video class=\"elementor-video\" src=\"http:\/\/cdelacontrol.ro\/app\/uploads\/2025\/04\/cancerSan_CARMENTOIE.mp4\" controls=\"\" preload=\"metadata\" controlsList=\"nodownload\"><\/video>\n\t\t\t\t<\/div>\n\t\t\t\t\t\t<\/div>\n\t\t\t\t<\/div>\n\t\t\t\t<div class=\"elementor-element elementor-element-7ce3bcf elementor-widget elementor-widget-video\" data-id=\"7ce3bcf\" data-element_type=\"widget\" data-settings=\"{&quot;video_type&quot;:&quot;hosted&quot;,&quot;controls&quot;:&quot;yes&quot;}\" data-widget_type=\"video.default\">\n\t\t\t\t<div class=\"elementor-widget-container\">\n\t\t\t\t\t\t\t<div class=\"e-hosted-video elementor-wrapper elementor-open-inline\">\n\t\t\t\t\t<video class=\"elementor-video\" src=\"http:\/\/cdelacontrol.ro\/app\/uploads\/2025\/04\/cancerSan_ILEANAVERES.mp4\" controls=\"\" preload=\"metadata\" controlsList=\"nodownload\"><\/video>\n\t\t\t\t<\/div>\n\t\t\t\t\t\t<\/div>\n\t\t\t\t<\/div>\n\t\t\t\t<div class=\"elementor-element elementor-element-75203aa elementor-widget elementor-widget-text-editor\" data-id=\"75203aa\" data-element_type=\"widget\" data-widget_type=\"text-editor.default\">\n\t\t\t\t<div class=\"elementor-widget-container\">\n\t\t\t\t\t\t\t\t\t<p>\u00a0<\/p><p><span style=\"color: #ffffff; font-family: Verdana, Geneva, sans-serif;\">De\u0219i Ileana Vere\u0219 a primit diagnosticul de cancer la s\u00e2n ca un \u0219oc, a avut, \u00eenc\u0103 de la \u00eenceput, mentalitatea unei \u00eenving\u0103toare, care a privit boala ca pe o problem\u0103 ce trebuie rezolvat\u0103.<\/span><\/p><div style=\"color: #ffffff; font-family: Verdana, Geneva, sans-serif; margin-top: 1.5rem !important; text-align: right !important;\">Ileana Vere\u0219, supravie\u0163uitoare cancer de s\u00e2n<\/div>\t\t\t\t\t\t\t\t<\/div>\n\t\t\t\t<\/div>\n\t\t\t\t<div class=\"elementor-element elementor-element-8c0f779 elementor-widget elementor-widget-text-editor\" data-id=\"8c0f779\" data-element_type=\"widget\" data-widget_type=\"text-editor.default\">\n\t\t\t\t<div class=\"elementor-widget-container\">\n\t\t\t\t\t\t\t\t\t<p>\u00a0<\/p><p><span style=\"color: #ffffff; font-family: Verdana, Geneva, sans-serif;\">Optimist\u0103 \u0219i z\u00e2mbitoare, Jenica S\u0103tm\u0103rean a vorbit despre experien\u021ba cu cancerul mamar \u0219i cum a reu\u0219it s\u0103 \u00eel \u00eenving\u0103 al\u0103turi de oamenii dragi.<\/span><\/p><div style=\"color: #ffffff; font-family: Verdana, Geneva, sans-serif; margin-top: 1.5rem !important; text-align: right !important;\">Jenica S\u0103tm\u0103rean, supravie\u0163uitoare cancer de s\u00e2n<\/div>\t\t\t\t\t\t\t\t<\/div>\n\t\t\t\t<\/div>\n\t\t\t\t<div class=\"elementor-element elementor-element-832adf1 elementor-widget elementor-widget-video\" data-id=\"832adf1\" data-element_type=\"widget\" data-settings=\"{&quot;video_type&quot;:&quot;hosted&quot;,&quot;controls&quot;:&quot;yes&quot;}\" data-widget_type=\"video.default\">\n\t\t\t\t<div class=\"elementor-widget-container\">\n\t\t\t\t\t\t\t<div class=\"e-hosted-video elementor-wrapper elementor-open-inline\">\n\t\t\t\t\t<video class=\"elementor-video\" src=\"http:\/\/cdelacontrol.ro\/app\/uploads\/2025\/04\/cancerSan_JENICASATMAREAN.mp4\" controls=\"\" preload=\"metadata\" controlsList=\"nodownload\"><\/video>\n\t\t\t\t<\/div>\n\t\t\t\t\t\t<\/div>\n\t\t\t\t<\/div>\n\t\t\t\t<div class=\"elementor-element elementor-element-56fcbe9 elementor-widget elementor-widget-video\" data-id=\"56fcbe9\" data-element_type=\"widget\" data-settings=\"{&quot;video_type&quot;:&quot;hosted&quot;,&quot;controls&quot;:&quot;yes&quot;}\" data-widget_type=\"video.default\">\n\t\t\t\t<div class=\"elementor-widget-container\">\n\t\t\t\t\t\t\t<div class=\"e-hosted-video elementor-wrapper elementor-open-inline\">\n\t\t\t\t\t<video class=\"elementor-video\" src=\"http:\/\/cdelacontrol.ro\/app\/uploads\/2025\/04\/cancerSan_KISSIDONIA.mp4\" controls=\"\" preload=\"metadata\" controlsList=\"nodownload\"><\/video>\n\t\t\t\t<\/div>\n\t\t\t\t\t\t<\/div>\n\t\t\t\t<\/div>\n\t\t\t\t<div class=\"elementor-element elementor-element-d975429 elementor-widget elementor-widget-text-editor\" data-id=\"d975429\" data-element_type=\"widget\" data-widget_type=\"text-editor.default\">\n\t\t\t\t<div class=\"elementor-widget-container\">\n\t\t\t\t\t\t\t\t\t<p>\u00a0<\/p><p><span style=\"color: #ffffff; font-family: Verdana, Geneva, sans-serif;\">Szidonia Kis ne-a spus c\u0103 atunci c\u00e2nd a aflat c\u0103 are cancer la s\u00e2n a fost terifiat\u0103, revoltat\u0103, dar ulterior a acceptat diagnosticul \u0219i a reu\u0219it s\u0103-l \u00eenving\u0103.<\/span><\/p><div style=\"color: #ffffff; font-family: Verdana, Geneva, sans-serif; margin-top: 1.5rem !important; text-align: right !important;\">Sidonia Kis, supravie\u0163uitoare cancer de s\u00e2n<\/div>\t\t\t\t\t\t\t\t<\/div>\n\t\t\t\t<\/div>\n\t\t\t\t<div class=\"elementor-element elementor-element-921eeba elementor-widget elementor-widget-text-editor\" data-id=\"921eeba\" data-element_type=\"widget\" data-widget_type=\"text-editor.default\">\n\t\t\t\t<div class=\"elementor-widget-container\">\n\t\t\t\t\t\t\t\t\t<p>\u00a0<\/p><p><span style=\"color: #ffffff; font-family: Verdana, Geneva, sans-serif;\">Laura Musta\u021b\u0103, Medic Specialist Obstetric\u0103 \u0219i Ginecologie, \u00eencurajeaz\u0103 \u0219i explic\u0103 femeilor c\u00e2t de important\u0103 este autoexaminarea s\u00e2nilor pentru a descoperi eventualele semne ale cancerului mamar.<\/span><\/p><div style=\"color: #ffffff; font-family: Verdana, Geneva, sans-serif; margin-top: 1.5rem !important; text-align: right !important;\">Laura Musta\u021b\u0103, Medic Specialist Obstetric\u0103 \u0219i Ginecologie<\/div>\t\t\t\t\t\t\t\t<\/div>\n\t\t\t\t<\/div>\n\t\t\t\t<div class=\"elementor-element elementor-element-286469d elementor-widget elementor-widget-video\" data-id=\"286469d\" data-element_type=\"widget\" data-settings=\"{&quot;video_type&quot;:&quot;hosted&quot;,&quot;controls&quot;:&quot;yes&quot;}\" data-widget_type=\"video.default\">\n\t\t\t\t<div class=\"elementor-widget-container\">\n\t\t\t\t\t\t\t<div class=\"e-hosted-video elementor-wrapper elementor-open-inline\">\n\t\t\t\t\t<video class=\"elementor-video\" src=\"http:\/\/cdelacontrol.ro\/app\/uploads\/2025\/04\/cancer_san_laura_mustapha_autopalpare.mp4\" controls=\"\" preload=\"metadata\" controlsList=\"nodownload\"><\/video>\n\t\t\t\t<\/div>\n\t\t\t\t\t\t<\/div>\n\t\t\t\t<\/div>\n\t\t\t\t<div class=\"elementor-element elementor-element-7b0a4e5 elementor-widget elementor-widget-video\" data-id=\"7b0a4e5\" data-element_type=\"widget\" data-settings=\"{&quot;video_type&quot;:&quot;hosted&quot;,&quot;controls&quot;:&quot;yes&quot;}\" data-widget_type=\"video.default\">\n\t\t\t\t<div class=\"elementor-widget-container\">\n\t\t\t\t\t\t\t<div class=\"e-hosted-video elementor-wrapper elementor-open-inline\">\n\t\t\t\t\t<video class=\"elementor-video\" src=\"http:\/\/cdelacontrol.ro\/app\/uploads\/2025\/04\/cancerSan_MihaelaSofrone.mp4\" controls=\"\" preload=\"metadata\" controlsList=\"nodownload\"><\/video>\n\t\t\t\t<\/div>\n\t\t\t\t\t\t<\/div>\n\t\t\t\t<\/div>\n\t\t\t\t<div class=\"elementor-element elementor-element-e3c0764 elementor-widget elementor-widget-text-editor\" data-id=\"e3c0764\" data-element_type=\"widget\" data-widget_type=\"text-editor.default\">\n\t\t\t\t<div class=\"elementor-widget-container\">\n\t\t\t\t\t\t\t\t\t<p>\u00a0<\/p><p><span style=\"color: #ffffff; font-family: Verdana, Geneva, sans-serif;\">Mihaela Sofrone a descoperit singur\u0103 un nodul la s\u00e2n \u0219i a apelat la medici c\u00e2t de repede a putut. A reu\u0219it s\u0103 \u00eenving\u0103 cancerul, iar nou\u0103 ne-a povestit experien\u021ba ei ca o lupt\u0103toare.<\/span><\/p><div style=\"color: #ffffff; font-family: Verdana, Geneva, sans-serif; margin-top: 1.5rem !important; text-align: right !important;\">Mihaela Sofrone, supravie\u0163uitoare cancer de s\u00e2n<\/div>\t\t\t\t\t\t\t\t<\/div>\n\t\t\t\t<\/div>\n\t\t\t\t<div class=\"elementor-element elementor-element-977697c elementor-widget elementor-widget-text-editor\" data-id=\"977697c\" data-element_type=\"widget\" data-widget_type=\"text-editor.default\">\n\t\t\t\t<div class=\"elementor-widget-container\">\n\t\t\t\t\t\t\t\t\t<p>\u00a0<\/p><p><span style=\"color: #ffffff; font-family: Verdana, Geneva, sans-serif;\">Dup\u0103 experien\u021ba cu cancerul la s\u00e2n, Petru\u021ba Staicu a \u00eenv\u0103\u021bat c\u00e2t de important este timpul \u0219i c\u0103 trebuie s\u0103 se mi\u0219te repede pentru a \u00eenvinge boala.<\/span><\/p><div style=\"color: #ffffff; font-family: Verdana, Geneva, sans-serif; margin-top: 1.5rem !important; text-align: right !important;\">Petru\u021ba Staicu, supravie\u0163uitoare cancer de s\u00e2n<\/div>\t\t\t\t\t\t\t\t<\/div>\n\t\t\t\t<\/div>\n\t\t\t\t<div class=\"elementor-element elementor-element-ad7801d elementor-widget elementor-widget-video\" data-id=\"ad7801d\" data-element_type=\"widget\" data-settings=\"{&quot;video_type&quot;:&quot;hosted&quot;,&quot;controls&quot;:&quot;yes&quot;}\" data-widget_type=\"video.default\">\n\t\t\t\t<div class=\"elementor-widget-container\">\n\t\t\t\t\t\t\t<div class=\"e-hosted-video elementor-wrapper elementor-open-inline\">\n\t\t\t\t\t<video class=\"elementor-video\" src=\"http:\/\/cdelacontrol.ro\/app\/uploads\/2025\/04\/cancerSan-petrutaStaicu.mp4\" controls=\"\" preload=\"metadata\" controlsList=\"nodownload\"><\/video>\n\t\t\t\t<\/div>\n\t\t\t\t\t\t<\/div>\n\t\t\t\t<\/div>\n\t\t\t\t<div class=\"elementor-element elementor-element-e595f31 elementor-widget elementor-widget-video\" data-id=\"e595f31\" data-element_type=\"widget\" data-settings=\"{&quot;video_type&quot;:&quot;hosted&quot;,&quot;controls&quot;:&quot;yes&quot;}\" data-widget_type=\"video.default\">\n\t\t\t\t<div class=\"elementor-widget-container\">\n\t\t\t\t\t\t\t<div class=\"e-hosted-video elementor-wrapper elementor-open-inline\">\n\t\t\t\t\t<video class=\"elementor-video\" src=\"http:\/\/cdelacontrol.ro\/app\/uploads\/2025\/04\/cancerSan_YolandaCretescu.mp4\" controls=\"\" preload=\"metadata\" controlsList=\"nodownload\"><\/video>\n\t\t\t\t<\/div>\n\t\t\t\t\t\t<\/div>\n\t\t\t\t<\/div>\n\t\t\t\t<div class=\"elementor-element elementor-element-3205d8d elementor-widget elementor-widget-text-editor\" data-id=\"3205d8d\" data-element_type=\"widget\" data-widget_type=\"text-editor.default\">\n\t\t\t\t<div class=\"elementor-widget-container\">\n\t\t\t\t\t\t\t\t\t<p><br><\/p>\n<p><span style=\"color: #ffffff; font-family: Verdana, Geneva, sans-serif;\">Yolanda Cre\u021bescu, psihoterapeut, sf\u0103tuie\u0219te femeile cum s\u0103 gestioneze cancerul mamar din punct de vedere emo\u021bional. Primul ei sfat este s\u0103 nu te identifici niciodat\u0103 cu diagnosticul primit.<\/span><\/p>\n<div style=\"color: #ffffff; font-family: Verdana, Geneva, sans-serif; margin-top: 1.5rem !important; text-align: right !important;\">Yolanda Cre\u021bescu, psihoterapeut<\/div>\t\t\t\t\t\t\t\t<\/div>\n\t\t\t\t<\/div>\n\t\t\t\t<\/div>\n\t\t\t\t\t<\/div>\n\t\t\t\t<\/div>\n\t\t<div class=\"elementor-element elementor-element-e28baac e-flex e-con-boxed e-con e-parent\" data-id=\"e28baac\" data-element_type=\"container\" data-settings=\"{&quot;background_background&quot;:&quot;classic&quot;}\">\n\t\t\t\t\t<div class=\"e-con-inner\">\n\t\t\t\t<div class=\"elementor-element elementor-element-54feb1f elementor-widget elementor-widget-text-editor\" data-id=\"54feb1f\" data-element_type=\"widget\" data-widget_type=\"text-editor.default\">\n\t\t\t\t<div class=\"elementor-widget-container\">\n\t\t\t\t\t\t\t\t\t<div class=\"title pink-txt\" style=\"font-weight: bold; font-size: 30px; font-family: Verdana, Geneva, sans-serif; text-align: center; color: #f6aac1 !important;\">ASOCIA\u021aII<\/div><p><span style=\"color: #0066cc; font-family: Verdana, Geneva, sans-serif; text-align: center;\">Contacteaz\u0103 ast\u0103zi asocia\u021biile de pacien\u0163i din lista pe care am preg\u0103tit-o pentru tine \u015fi preia controlul!<\/span><\/p>\t\t\t\t\t\t\t\t<\/div>\n\t\t\t\t<\/div>\n\t\t<div class=\"elementor-element elementor-element-e3d4982 e-grid e-con-full e-con e-child\" data-id=\"e3d4982\" data-element_type=\"container\">\n\t\t\t\t<div class=\"elementor-element elementor-element-e660434 elementor-widget elementor-widget-n-accordion\" data-id=\"e660434\" data-element_type=\"widget\" data-settings=\"{&quot;default_state&quot;:&quot;expanded&quot;,&quot;max_items_expended&quot;:&quot;one&quot;,&quot;n_accordion_animation_duration&quot;:{&quot;unit&quot;:&quot;ms&quot;,&quot;size&quot;:400,&quot;sizes&quot;:[]}}\" data-widget_type=\"nested-accordion.default\">\n\t\t\t\t<div class=\"elementor-widget-container\">\n\t\t\t\t\t\t\t<div class=\"e-n-accordion\" aria-label=\"Accordion. Open links with Enter or Space, close with Escape, and navigate with Arrow Keys\">\n\t\t\t\t\t\t<details id=\"e-n-accordion-item-2410\" class=\"e-n-accordion-item\" open>\n\t\t\t\t<summary class=\"e-n-accordion-item-title\" data-accordion-index=\"1\" tabindex=\"0\" aria-expanded=\"true\" aria-controls=\"e-n-accordion-item-2410\" >\n\t\t\t\t\t<span class='e-n-accordion-item-title-header'><div class=\"e-n-accordion-item-title-text\"> FABC <\/div><\/span>\n\t\t\t\t\t\t\t\t\t<\/summary>\n\t\t\t\t<div role=\"region\" aria-labelledby=\"e-n-accordion-item-2410\" class=\"elementor-element elementor-element-48f5480 e-con-full e-flex e-con e-child\" data-id=\"48f5480\" data-element_type=\"container\">\n\t\t<div role=\"region\" aria-labelledby=\"e-n-accordion-item-2410\" class=\"elementor-element elementor-element-e06c23e e-flex e-con-boxed e-con e-child\" data-id=\"e06c23e\" data-element_type=\"container\">\n\t\t\t\t\t<div class=\"e-con-inner\">\n\t\t\t\t<div class=\"elementor-element elementor-element-711c52c elementor-widget elementor-widget-text-editor\" data-id=\"711c52c\" data-element_type=\"widget\" data-widget_type=\"text-editor.default\">\n\t\t\t\t<div class=\"elementor-widget-container\">\n\t\t\t\t\t\t\t\t\t<p style=\"margin-top: 0px; margin-bottom: 1rem; color: #0066cc; font-family: Verdana, Geneva, sans-serif;\"><img decoding=\"async\" style=\"vertical-align: middle;\" src=\"https:\/\/www.cdelacontrol.ro\/static\/img\/i-wwww.png\" width=\"21\" \/>www.fabc.ro<\/p>\n<p style=\"margin-top: 0px; margin-bottom: 1rem; color: #0066cc; font-family: Verdana, Geneva, sans-serif;\"><img decoding=\"async\" style=\"vertical-align: middle;\" src=\"https:\/\/www.cdelacontrol.ro\/static\/img\/i-fb.png\" width=\"20\" \/>facebook.com\/FABCRomania<\/p>\t\t\t\t\t\t\t\t<\/div>\n\t\t\t\t<\/div>\n\t\t\t\t\t<\/div>\n\t\t\t\t<\/div>\n\t\t\t\t<\/div>\n\t\t\t\t\t<\/details>\n\t\t\t\t\t\t<details id=\"e-n-accordion-item-2411\" class=\"e-n-accordion-item\" >\n\t\t\t\t<summary class=\"e-n-accordion-item-title\" data-accordion-index=\"2\" tabindex=\"-1\" aria-expanded=\"false\" aria-controls=\"e-n-accordion-item-2411\" >\n\t\t\t\t\t<span class='e-n-accordion-item-title-header'><div class=\"e-n-accordion-item-title-text\"> Asocia\u021bia IMUNIS <\/div><\/span>\n\t\t\t\t\t\t\t\t\t<\/summary>\n\t\t\t\t<div role=\"region\" aria-labelledby=\"e-n-accordion-item-2411\" class=\"elementor-element elementor-element-d55078f e-con-full e-flex e-con e-child\" data-id=\"d55078f\" data-element_type=\"container\">\n\t\t<div role=\"region\" aria-labelledby=\"e-n-accordion-item-2411\" class=\"elementor-element elementor-element-b062056 e-flex e-con-boxed e-con e-child\" data-id=\"b062056\" data-element_type=\"container\">\n\t\t\t\t\t<div class=\"e-con-inner\">\n\t\t\t\t<div class=\"elementor-element elementor-element-cf287c0 elementor-widget elementor-widget-text-editor\" data-id=\"cf287c0\" data-element_type=\"widget\" data-widget_type=\"text-editor.default\">\n\t\t\t\t<div class=\"elementor-widget-container\">\n\t\t\t\t\t\t\t\t\t<p style=\"margin-top: 0px; margin-bottom: 1rem; color: #0066cc; font-family: Verdana, Geneva, sans-serif;\"><img decoding=\"async\" style=\"vertical-align: middle;\" src=\"https:\/\/www.cdelacontrol.ro\/static\/img\/i-wwww.png\" width=\"21\" \/>www.asociatiaimunis.ro<\/p>\n<p style=\"margin-top: 0px; margin-bottom: 1rem; color: #0066cc; font-family: Verdana, Geneva, sans-serif;\"><img decoding=\"async\" style=\"vertical-align: middle;\" src=\"https:\/\/www.cdelacontrol.ro\/static\/img\/i-fb.png\" width=\"20\" \/>facebook.com\/AsociatiaImunis<\/p>\t\t\t\t\t\t\t\t<\/div>\n\t\t\t\t<\/div>\n\t\t\t\t\t<\/div>\n\t\t\t\t<\/div>\n\t\t\t\t<\/div>\n\t\t\t\t\t<\/details>\n\t\t\t\t\t\t<details id=\"e-n-accordion-item-2412\" class=\"e-n-accordion-item\" >\n\t\t\t\t<summary class=\"e-n-accordion-item-title\" data-accordion-index=\"3\" tabindex=\"-1\" aria-expanded=\"false\" aria-controls=\"e-n-accordion-item-2412\" >\n\t\t\t\t\t<span class='e-n-accordion-item-title-header'><div class=\"e-n-accordion-item-title-text\"> COPAC <\/div><\/span>\n\t\t\t\t\t\t\t\t\t<\/summary>\n\t\t\t\t<div role=\"region\" aria-labelledby=\"e-n-accordion-item-2412\" class=\"elementor-element elementor-element-de2c128 e-con-full e-flex e-con e-child\" data-id=\"de2c128\" data-element_type=\"container\">\n\t\t<div role=\"region\" aria-labelledby=\"e-n-accordion-item-2412\" class=\"elementor-element elementor-element-c72c52e e-flex e-con-boxed e-con e-child\" data-id=\"c72c52e\" data-element_type=\"container\">\n\t\t\t\t\t<div class=\"e-con-inner\">\n\t\t\t\t<div class=\"elementor-element elementor-element-e058ea1 elementor-widget elementor-widget-text-editor\" data-id=\"e058ea1\" data-element_type=\"widget\" data-widget_type=\"text-editor.default\">\n\t\t\t\t<div class=\"elementor-widget-container\">\n\t\t\t\t\t\t\t\t\t<p style=\"margin-top: 0px; margin-bottom: 1rem; color: #0066cc; font-family: Verdana, Geneva, sans-serif;\"><img decoding=\"async\" style=\"vertical-align: middle;\" src=\"https:\/\/www.cdelacontrol.ro\/static\/img\/i-wwww.png\" width=\"21\" \/>www.copac.ro<\/p><p style=\"margin-top: 0px; margin-bottom: 1rem; color: #0066cc; font-family: Verdana, Geneva, sans-serif;\"><img decoding=\"async\" style=\"vertical-align: middle;\" src=\"https:\/\/www.cdelacontrol.ro\/static\/img\/i-fb.png\" width=\"20\" \/>facebook.com\/CoalitiaCOPAC<\/p>\t\t\t\t\t\t\t\t<\/div>\n\t\t\t\t<\/div>\n\t\t\t\t\t<\/div>\n\t\t\t\t<\/div>\n\t\t\t\t<\/div>\n\t\t\t\t\t<\/details>\n\t\t\t\t\t<\/div>\n\t\t\t\t\t\t<\/div>\n\t\t\t\t<\/div>\n\t\t\t\t<div class=\"elementor-element elementor-element-a6fe14e elementor-widget elementor-widget-image\" data-id=\"a6fe14e\" data-element_type=\"widget\" data-widget_type=\"image.default\">\n\t\t\t\t<div class=\"elementor-widget-container\">\n\t\t\t\t\t\t\t\t\t\t\t\t\t\t\t<img fetchpriority=\"high\" decoding=\"async\" width=\"524\" height=\"397\" src=\"https:\/\/cdelacontrol.ro\/app\/uploads\/2025\/02\/hands.png\" class=\"attachment-large size-large wp-image-475\" alt=\"\" srcset=\"https:\/\/cdelacontrol.ro\/app\/uploads\/2025\/02\/hands.png 524w, https:\/\/cdelacontrol.ro\/app\/uploads\/2025\/02\/hands-300x227.png 300w\" sizes=\"(max-width: 524px) 100vw, 524px\" \/>\t\t\t\t\t\t\t\t\t\t\t\t\t\t\t<\/div>\n\t\t\t\t<\/div>\n\t\t\t\t<\/div>\n\t\t\t\t\t<\/div>\n\t\t\t\t<\/div>\n\t\t<div class=\"elementor-element elementor-element-687322b5 e-flex e-con-boxed e-con e-parent\" data-id=\"687322b5\" data-element_type=\"container\" data-settings=\"{&quot;background_background&quot;:&quot;classic&quot;}\">\n\t\t\t\t\t<div class=\"e-con-inner\">\n\t\t<div class=\"elementor-element elementor-element-732e66ce e-con-full e-flex e-con e-child\" data-id=\"732e66ce\" data-element_type=\"container\">\n\t\t\t\t<div class=\"elementor-element elementor-element-621a2ec2 elementor-widget elementor-widget-image\" data-id=\"621a2ec2\" data-element_type=\"widget\" data-widget_type=\"image.default\">\n\t\t\t\t<div class=\"elementor-widget-container\">\n\t\t\t\t\t\t\t\t\t\t\t\t\t\t\t<img decoding=\"async\" width=\"164\" height=\"85\" src=\"https:\/\/cdelacontrol.ro\/app\/uploads\/2025\/02\/logo-roche.png\" class=\"attachment-large size-large wp-image-445\" alt=\"\" \/>\t\t\t\t\t\t\t\t\t\t\t\t\t\t\t<\/div>\n\t\t\t\t<\/div>\n\t\t\t\t<\/div>\n\t\t<div class=\"elementor-element elementor-element-cae25e e-con-full e-flex e-con e-child\" data-id=\"cae25e\" data-element_type=\"container\">\n\t\t\t\t<div class=\"elementor-element elementor-element-19805f9 elementor-widget elementor-widget-text-editor\" data-id=\"19805f9\" data-element_type=\"widget\" data-widget_type=\"text-editor.default\">\n\t\t\t\t<div class=\"elementor-widget-container\">\n\t\t\t\t\t\t\t\t\t<p><span style=\"color: #ffffff; font-family: Verdana, Geneva, sans-serif; font-size: 14px; font-style: var( --e-global-typography-text-font-style ); font-weight: var( --e-global-typography-text-font-weight ); letter-spacing: var( --e-global-typography-text-letter-spacing ); text-transform: var( --e-global-typography-text-text-transform ); text-align: var(--text-align);\">Roche este unul din pionerii globali ai industriei farmaceutice \u0219i de diagnostic, ce inoveaz\u0103 continuu cu scopul de a \u00eembun\u0103t\u0103\u021bi via\u021ba oamenilor. Sinergia dintre diviziile de Farmaceutice \u015fi Diagnostic au transformat Roche \u00een lider global al medicinii personalizate, o strategie care \u00ee\u0219i propune s\u0103 ofere tratamentul potrivit pentru pacientul potrivit, \u00een cele mai bune condi\u021bii posibile.<\/span>.<\/p>\t\t\t\t\t\t\t\t<\/div>\n\t\t\t\t<\/div>\n\t\t\t\t<\/div>\n\t\t\t\t\t<\/div>\n\t\t\t\t<\/div>\n\t\t<div class=\"elementor-element elementor-element-588cf5a5 e-flex e-con-boxed e-con e-parent\" data-id=\"588cf5a5\" data-element_type=\"container\">\n\t\t\t\t\t<div class=\"e-con-inner\">\n\t\t\t\t<div class=\"elementor-element elementor-element-12a41815 elementor-widget elementor-widget-image-carousel\" data-id=\"12a41815\" data-element_type=\"widget\" data-settings=\"{&quot;slides_to_show&quot;:&quot;7&quot;,&quot;navigation&quot;:&quot;none&quot;,&quot;autoplay&quot;:&quot;yes&quot;,&quot;pause_on_hover&quot;:&quot;yes&quot;,&quot;pause_on_interaction&quot;:&quot;yes&quot;,&quot;autoplay_speed&quot;:5000,&quot;infinite&quot;:&quot;yes&quot;,&quot;speed&quot;:500}\" data-widget_type=\"image-carousel.default\">\n\t\t\t\t<div class=\"elementor-widget-container\">\n\t\t\t\t\t\t\t<div class=\"elementor-image-carousel-wrapper swiper\" role=\"region\" aria-roledescription=\"carousel\" aria-label=\"Image Carousel\" dir=\"ltr\">\n\t\t\t<div class=\"elementor-image-carousel swiper-wrapper\" aria-live=\"off\">\n\t\t\t\t\t\t\t\t<div class=\"swiper-slide\" role=\"group\" aria-roledescription=\"slide\" aria-label=\"1 of 18\"><figure class=\"swiper-slide-inner\"><img decoding=\"async\" class=\"swiper-slide-image\" src=\"https:\/\/cdelacontrol.ro\/app\/uploads\/2025\/02\/nl06.png\" alt=\"nl06\" \/><\/figure><\/div><div class=\"swiper-slide\" role=\"group\" aria-roledescription=\"slide\" aria-label=\"2 of 18\"><figure class=\"swiper-slide-inner\"><img decoding=\"async\" class=\"swiper-slide-image\" src=\"https:\/\/cdelacontrol.ro\/app\/uploads\/2025\/02\/nl08.png\" alt=\"nl08\" \/><\/figure><\/div><div class=\"swiper-slide\" role=\"group\" aria-roledescription=\"slide\" aria-label=\"3 of 18\"><figure class=\"swiper-slide-inner\"><img decoding=\"async\" class=\"swiper-slide-image\" src=\"https:\/\/cdelacontrol.ro\/app\/uploads\/2025\/02\/nl01.png\" alt=\"nl01\" \/><\/figure><\/div><div class=\"swiper-slide\" role=\"group\" aria-roledescription=\"slide\" aria-label=\"4 of 18\"><figure class=\"swiper-slide-inner\"><img decoding=\"async\" class=\"swiper-slide-image\" src=\"https:\/\/cdelacontrol.ro\/app\/uploads\/2025\/02\/nl02.png\" alt=\"nl02\" \/><\/figure><\/div><div class=\"swiper-slide\" role=\"group\" aria-roledescription=\"slide\" aria-label=\"5 of 18\"><figure class=\"swiper-slide-inner\"><img decoding=\"async\" class=\"swiper-slide-image\" src=\"https:\/\/cdelacontrol.ro\/app\/uploads\/2025\/02\/nl03.png\" alt=\"nl03\" \/><\/figure><\/div><div class=\"swiper-slide\" role=\"group\" aria-roledescription=\"slide\" aria-label=\"6 of 18\"><figure class=\"swiper-slide-inner\"><img decoding=\"async\" class=\"swiper-slide-image\" src=\"https:\/\/cdelacontrol.ro\/app\/uploads\/2025\/02\/nl18.png\" alt=\"nl18\" \/><\/figure><\/div><div class=\"swiper-slide\" role=\"group\" aria-roledescription=\"slide\" aria-label=\"7 of 18\"><figure class=\"swiper-slide-inner\"><img decoding=\"async\" class=\"swiper-slide-image\" src=\"https:\/\/cdelacontrol.ro\/app\/uploads\/2025\/02\/nl04.png\" alt=\"nl04\" \/><\/figure><\/div><div class=\"swiper-slide\" role=\"group\" aria-roledescription=\"slide\" aria-label=\"8 of 18\"><figure class=\"swiper-slide-inner\"><img decoding=\"async\" class=\"swiper-slide-image\" src=\"https:\/\/cdelacontrol.ro\/app\/uploads\/2025\/02\/nl16.png\" alt=\"nl16\" \/><\/figure><\/div><div class=\"swiper-slide\" role=\"group\" aria-roledescription=\"slide\" aria-label=\"9 of 18\"><figure class=\"swiper-slide-inner\"><img decoding=\"async\" class=\"swiper-slide-image\" src=\"https:\/\/cdelacontrol.ro\/app\/uploads\/2025\/02\/nl14.png\" alt=\"nl14\" \/><\/figure><\/div><div class=\"swiper-slide\" role=\"group\" aria-roledescription=\"slide\" aria-label=\"10 of 18\"><figure class=\"swiper-slide-inner\"><img decoding=\"async\" class=\"swiper-slide-image\" src=\"https:\/\/cdelacontrol.ro\/app\/uploads\/2025\/02\/nl17.png\" alt=\"nl17\" \/><\/figure><\/div><div class=\"swiper-slide\" role=\"group\" aria-roledescription=\"slide\" aria-label=\"11 of 18\"><figure class=\"swiper-slide-inner\"><img decoding=\"async\" class=\"swiper-slide-image\" src=\"https:\/\/cdelacontrol.ro\/app\/uploads\/2025\/04\/nl09-1.png\" alt=\"nl09\" \/><\/figure><\/div><div class=\"swiper-slide\" role=\"group\" aria-roledescription=\"slide\" aria-label=\"12 of 18\"><figure class=\"swiper-slide-inner\"><img decoding=\"async\" class=\"swiper-slide-image\" src=\"https:\/\/cdelacontrol.ro\/app\/uploads\/2025\/04\/nl11-1.png\" alt=\"nl11\" \/><\/figure><\/div><div class=\"swiper-slide\" role=\"group\" aria-roledescription=\"slide\" aria-label=\"13 of 18\"><figure class=\"swiper-slide-inner\"><img decoding=\"async\" class=\"swiper-slide-image\" src=\"https:\/\/cdelacontrol.ro\/app\/uploads\/2025\/04\/nl07-1.png\" alt=\"nl07\" \/><\/figure><\/div><div class=\"swiper-slide\" role=\"group\" aria-roledescription=\"slide\" aria-label=\"14 of 18\"><figure class=\"swiper-slide-inner\"><img decoding=\"async\" class=\"swiper-slide-image\" src=\"https:\/\/cdelacontrol.ro\/app\/uploads\/2025\/04\/nl10-1.png\" alt=\"nl10\" \/><\/figure><\/div><div class=\"swiper-slide\" role=\"group\" aria-roledescription=\"slide\" aria-label=\"15 of 18\"><figure class=\"swiper-slide-inner\"><img decoding=\"async\" class=\"swiper-slide-image\" src=\"https:\/\/cdelacontrol.ro\/app\/uploads\/2025\/04\/nl05-1.png\" alt=\"nl05\" \/><\/figure><\/div><div class=\"swiper-slide\" role=\"group\" aria-roledescription=\"slide\" aria-label=\"16 of 18\"><figure class=\"swiper-slide-inner\"><img decoding=\"async\" class=\"swiper-slide-image\" src=\"https:\/\/cdelacontrol.ro\/app\/uploads\/2025\/04\/nl15-1.png\" alt=\"nl15\" \/><\/figure><\/div><div class=\"swiper-slide\" role=\"group\" aria-roledescription=\"slide\" aria-label=\"17 of 18\"><figure class=\"swiper-slide-inner\"><img decoding=\"async\" class=\"swiper-slide-image\" src=\"https:\/\/cdelacontrol.ro\/app\/uploads\/2025\/04\/nl13-1.png\" alt=\"nl13\" \/><\/figure><\/div><div class=\"swiper-slide\" role=\"group\" aria-roledescription=\"slide\" aria-label=\"18 of 18\"><figure class=\"swiper-slide-inner\"><img decoding=\"async\" class=\"swiper-slide-image\" src=\"https:\/\/cdelacontrol.ro\/app\/uploads\/2025\/04\/nl12-1.png\" alt=\"nl12\" \/><\/figure><\/div>\t\t\t<\/div>\n\t\t\t\t\t\t\t\n\t\t\t\t\t\t\t\t\t<\/div>\n\t\t\t\t\t\t<\/div>\n\t\t\t\t<\/div>\n\t\t\t\t\t<\/div>\n\t\t\t\t<\/div>\n\t\t\t\t<\/div>\n\t\t","protected":false},"excerpt":{"rendered":"<p>CANCERUL de s\u00e2n Diagnosticul primit nu trebuie s\u0103 te sperie. Al\u0103turi de tine sunt pacien\u0163i care au luptat cu succes \u00eempotriva bolii \u015fi \u00eemp\u0103rt\u0103\u015fesc cu tine povestea lor. Vezi mai jos cum au reu\u015fit s\u0103 dep\u0103\u015feasc\u0103 aceast\u0103 perioad\u0103.http:\/\/cdelacontrol.ro\/app\/uploads\/2025\/04\/cancerSan_ALEXANDRALOSONTI.mp4 Alexandra Lo\u0219on\u021bi a aflat la scurt timp dup\u0103 na\u0219tere c\u0103 are cancer la s\u00e2n. Ne-a povestit cu [&hellip;]<\/p>\n","protected":false},"author":1,"featured_media":0,"parent":0,"menu_order":0,"comment_status":"closed","ping_status":"closed","template":"","meta":{"footnotes":""},"class_list":["post-237","page","type-page","status-publish","hentry"],"_links":{"self":[{"href":"https:\/\/cdelacontrol.ro\/index.php\/wp-json\/wp\/v2\/pages\/237","targetHints":{"allow":["GET"]}}],"collection":[{"href":"https:\/\/cdelacontrol.ro\/index.php\/wp-json\/wp\/v2\/pages"}],"about":[{"href":"https:\/\/cdelacontrol.ro\/index.php\/wp-json\/wp\/v2\/types\/page"}],"author":[{"embeddable":true,"href":"https:\/\/cdelacontrol.ro\/index.php\/wp-json\/wp\/v2\/users\/1"}],"replies":[{"embeddable":true,"href":"https:\/\/cdelacontrol.ro\/index.php\/wp-json\/wp\/v2\/comments?post=237"}],"version-history":[{"count":34,"href":"https:\/\/cdelacontrol.ro\/index.php\/wp-json\/wp\/v2\/pages\/237\/revisions"}],"predecessor-version":[{"id":1049,"href":"https:\/\/cdelacontrol.ro\/index.php\/wp-json\/wp\/v2\/pages\/237\/revisions\/1049"}],"wp:attachment":[{"href":"https:\/\/cdelacontrol.ro\/index.php\/wp-json\/wp\/v2\/media?parent=237"}],"curies":[{"name":"wp","href":"https:\/\/api.w.org\/{rel}","templated":true}]}}